{"id":36,"date":"2014-10-18T22:42:04","date_gmt":"2014-10-18T20:42:04","guid":{"rendered":"http:\/\/www.trencaclosques.es\/?page_id=36"},"modified":"2026-02-17T10:28:41","modified_gmt":"2026-02-17T09:28:41","slug":"agenda","status":"publish","type":"page","link":"https:\/\/trencaclosques.cat\/?page_id=36","title":{"rendered":"Agenda"},"content":{"rendered":"\n<p><\/p>\n\n\n\n<p><strong>Darrera actualitzaci\u00f3 17\/02\/2026<\/strong><\/p>\n\n<p><strong>Any 2026<\/strong><\/p>\n\n<table style=\"height: 109px;\" width=\"851\">\n<tbody>\n<tr>\n<td width=\"190\"><strong>Dia<\/strong><\/td>\n<td width=\"50\"><strong>Hora<\/strong><\/td>\n<td width=\"159\"><strong>Poblaci\u00f3<\/strong><\/td>\n<td width=\"224\"><strong>Lloc<\/strong><\/td>\n<td width=\"159\"><strong>Espectacle<\/strong><\/td>\n<\/tr>\n\n<tr>\n<td>Dilluns 16 de febrer<\/td>\n<td>17:00<\/td>\n<td>Port de Pollen\u00e7a<\/td>\n<td>Pla\u00e7a Capllonch<\/td>\n<td>Trencaclosques<\/td>\n<\/tr>\n<tr>\n<td>Dissabte 14 de febrer<\/td>\n<td>17:00<\/td>\n<td>Son Carri\u00f3<\/td>\n<td>Pla\u00e7a Mossen Alcover<\/td>\n<td>Trencaclosques<\/td>\n<\/tr>\n<tr>\n<td>Diumenge 11 de gener<\/td>\n<td>11:00<\/td>\n<td>Palma<\/td>\n<td>Parc de Sa Riera. Sant Sebasti\u00e0 Petit<\/td>\n<td>Trencaclosques<\/td>\n<\/tr>\n\n\n<\/tbody>\n<\/table>\n\n<p><strong>Any 2025<\/strong><\/p>\n\n<table style=\"height: 109px;\" width=\"851\">\n<tbody>\n<tr>\n<td width=\"190\"><strong>Dia<\/strong><\/td>\n<td width=\"50\"><strong>Hora<\/strong><\/td>\n<td width=\"159\"><strong>Poblaci\u00f3<\/strong><\/td>\n<td width=\"224\"><strong>Lloc<\/strong><\/td>\n<td width=\"159\"><strong>Espectacle<\/strong><\/td>\n<\/tr>\n<tr>\n<td>Dimecres 31 de desembre<\/td>\n<td>11:00<\/td>\n<td>Sa Pobla<\/td>\n<td>Campanades infantils<\/td>\n<td>Trencaclosques<\/td>\n<\/tr>\n<tr>\n<td>Dissabte 13 de desembre<\/td>\n<td>11:00<\/td>\n<td>Establiments<\/td>\n<td>Poliesportiu<\/td>\n<td>Trencaclosques<\/td>\n<\/tr>\n\n<tr>\n<td>Dilluns 8 de desembre<\/td>\n<td>18:00<\/td>\n<td>Palma<\/td>\n<td>Carrer Palau Reial. Encesa llums de Nadal del Consell de Mallorca<\/td>\n<td>Trencaclosques<\/td>\n<\/tr>\n<tr>\n<td>Dissabte 8 de novembre<\/td>\n<td>17:00<\/td>\n<td>Palma<\/td>\n<td>Amfiteatre Parc de Sa Riera. Nit de les \u00e0nimes<\/td>\n<td>Trencaclosques<\/td>\n<\/tr>\n<tr>\n<td>Dimarts 22 de setembre<\/td>\n<td>18:00<\/td>\n<td>Biniamar<\/td>\n<td>Esgl\u00e9sia Nova<\/td>\n<td>Trencaclosques<\/td>\n<\/tr>\n\n<tr>\n<td>Dissabte 6 de setembre<\/td>\n<td>11:00<\/td>\n<td>Maria de la Salut<\/td>\n<td>Casal de Cultura<\/td>\n<td>Trencaclosques<\/td>\n<\/tr>\n\n<tr>\n<td>Divendres 22 d&#8217;agost<\/td>\n<td>19:00<\/td>\n<td>Ses Salines<\/td>\n<td>Pla\u00e7a Major<\/td>\n<td>Trencaclosques<\/td>\n<\/tr>\n\n<tr>\n<td>Divendres 27 de juny<\/td>\n<td>19:30<\/td>\n<td>Porreres<\/td>\n<td>Fi de curs escoleta Sa Sitra<\/td>\n<td>Trencaclosques<\/td>\n<\/tr>\n\n<tr>\n<td>Divendres 20 de juny<\/td>\n<td>11:30<\/td>\n<td>Es Capdell\u00e0<\/td>\n<td>Fi de curs Col\u00b7legi P\u00fablic Galatz\u00f3<\/td>\n<td>Trencaclosques<\/td>\n<\/tr>\n\n\n<tr>\n<td>Diumenge 23 de mar\u00e7<\/td>\n<td>13:30<\/td>\n<td>Port de Soller<\/td>\n<td>Diada per Val\u00e8ncia<\/td>\n<td>Trencaclosques<\/td>\n<\/tr>\n\n\n\n<tr>\n<td>Dissabte 1 de mar\u00e7<\/td>\n<td>11:30<\/td>\n<td>Inca<\/td>\n<td>Pla\u00e7a d&#8217;Espanya pel dia de les Illes Balears<\/td>\n<td>Trencaclosques<\/td>\n<\/tr>\n\n<tr>\n<td>Dijous 27 de febrer<\/td>\n<td>11:00<\/td>\n<td>Palma<\/td>\n<td>CEIP Aina Moll<\/td>\n<td>Trencaclosques<\/td>\n<\/tr>\n\n\n\n<\/tbody>\n<\/table>\n\n<p><strong>Any 2024<\/strong><\/p>\n\n<table style=\"height: 109px;\" width=\"851\">\n<tbody>\n<tr>\n<td width=\"190\"><strong>Dia<\/strong><\/td>\n<td width=\"50\"><strong>Hora<\/strong><\/td>\n<td width=\"159\"><strong>Poblaci\u00f3<\/strong><\/td>\n<td width=\"224\"><strong>Lloc<\/strong><\/td>\n<td width=\"159\"><strong>Espectacle<\/strong><\/td>\n<\/tr>\n\n\n<tr>\n<td>Diumenge 15 de desembre<\/td>\n<td>12:00<\/td>\n<td>Santa Maria<\/td>\n<td>Factoria de So per Val\u00e8ncia<\/td>\n<td>Trencaclosques<\/td>\n<\/tr>\n\n<tr>\n<td>Diumenge 6 d&#8217;octubre<\/td>\n<td>17:00<\/td>\n<td>Calvi\u00e0<\/td>\n<td>Dia de nassos de la Sonrisa M\u00e9dica<\/td>\n<td>Trencaclosques<\/td>\n<\/tr>\n\n<tr>\n<td>Divendres 5 de juliol<\/td>\n<td>18:30<\/td>\n<td>Palma<\/td>\n<td>Cas Capiscol<\/td>\n<td>Trencaclosques<\/td>\n<\/tr>\n\n\n<tr>\n<td>Dimecres 19 de juny<\/td>\n<td>18:30<\/td>\n<td>Palma<\/td>\n<td>Parc de ses Veles<\/td>\n<td>Trencaclosques<\/td>\n<\/tr>\n\n<tr>\n<td>Diumenge 7 d&#8217;abril<\/td>\n<td>11:30<\/td>\n<td>Palma<\/td>\n<td>Castell de Bellver. Diumenge de l&#8217;\u00c0ngel<\/td>\n<td>Trencaclosques<\/td>\n<\/tr>\n\n\n<tr>\n<td>Dissabte 6 d&#8217;abril<\/td>\n<td>12:00<\/td>\n<td>Manacor<\/td>\n<td>Circ Bover. Festa 30 aniversari Trencaclosques<\/td>\n<td>Trencaclosques<\/td>\n<\/tr>\n\n<tr>\n<td>Divendres 1 de mar\u00e7<\/td>\n<td>12:00<\/td>\n<td>Inca<\/td>\n<td>Pla\u00e7a Espanya pel dia de les Illes Balears<\/td>\n<td>Trencaclosques<\/td>\n<\/tr>\n\n<tr>\n<td>Divendres 9 de febrer<\/td>\n<td>11:00<\/td>\n<td>S\u00f3ller<\/td>\n<td>CEIP Es Fossaret<\/td>\n<td>Trencaclosques<\/td>\n<\/tr>\n\n\n<tr>\n<td>Dijous 8 de febrer<\/td>\n<td>18:00<\/td>\n<td>Biniamar<\/td>\n<td>Pla\u00e7a Major<\/td>\n<td>Trencaclosques<\/td>\n<\/tr>\n\n<tr>\n<td>Dijous 8 de febrer<\/td>\n<td>10:30<\/td>\n<td>Palma<\/td>\n<td>CEIP Aina Moll<\/td>\n<td>Trencaclosques<\/td>\n<\/tr>\n\n\n<tr>\n<td>Diumenge 14 de gener<\/td>\n<td>10:30<\/td>\n<td>Palma<\/td>\n<td>Sant Sebasti\u00e0 Petit<\/td>\n<td>Trencaclosques<\/td>\n<\/tr>\n\n<\/tbody>\n<\/table>\n\n\n<p><strong>Any 2023<\/strong><\/p>\n\n<table style=\"height: 109px;\" width=\"851\">\n<tbody>\n<tr>\n<td width=\"190\"><strong>Dia<\/strong><\/td>\n<td width=\"50\"><strong>Hora<\/strong><\/td>\n<td width=\"159\"><strong>Poblaci\u00f3<\/strong><\/td>\n<td width=\"224\"><strong>Lloc<\/strong><\/td>\n<td width=\"159\"><strong>Espectacle<\/strong><\/td>\n<\/tr>\n\n<tr>\n<td>Dissabte 9 de desembre<\/td>\n<td>18:00<\/td>\n<td>Felanitx<\/td>\n<td>Pl de Sa Font de Sta Margalida<\/td>\n<td>Trencaclosques<\/td>\n<\/tr>\n\n<tr>\n<td>Dissabte 11 de novembre<\/td>\n<td>12:00<\/td>\n<td>Es Capdell\u00e0<\/td>\n<td>Carrer Major<\/td>\n<td>Superflex<\/td>\n<\/tr>\n\n<tr>\n<td>Dilluns 30 d&#8217;octubre<\/td>\n<td>19:00<\/td>\n<td>Palma<\/td>\n<td>Plarc de ses Veles<\/td>\n<td>Trencaclosques<\/td>\n<\/tr>\n\n\n\n<tr>\n<td>Dilluns 14 d&#8217;agost<\/td>\n<td>20:00<\/td>\n<td>Caimari<\/td>\n<td>Pla\u00e7a Major<\/td>\n<td>Trencaclosques<\/td>\n<\/tr>\n\n<tr>\n<td>Divendres 9 de juny<\/td>\n<td>20:00<\/td>\n<td>Alc\u00fadia<\/td>\n<td>CEIP Hort des Fassers<\/td>\n<td>Trencaclosques<\/td>\n<\/tr>\n\n<tr>\n<td>Diumenge 14 de maig<\/td>\n<td>16:30<\/td>\n<td>Lloret<\/td>\n<td>Pla\u00e7a Jaume I<\/td>\n<td>Trencaclosques<\/td>\n<\/tr>\n\n<tr>\n<td>Dissabte 18 de febrer<\/td>\n<td>17:30<\/td>\n<td>Sant Joan<\/td>\n<td>Pla\u00e7a de la Constituci\u00f3<\/td>\n<td>Trencaclosques<\/td>\n<\/tr>\n\n<tr>\n<td>Divendres 17 de febrer<\/td>\n<td>10:30<\/td>\n<td>Palma<\/td>\n<td>CEIP Aina Moll<\/td>\n<td>Trencaclosques<\/td>\n<\/tr>\n\n<tr>\n<td>Diumenge 12 de febrer<\/td>\n<td>11:30<\/td>\n<td>Palma<\/td>\n<td>Sa Rueta. Pla\u00e7a Tortugues<\/td>\n<td>Trencaclosques<\/td>\n<\/tr>\n\n\n<\/tbody>\n<\/table>\n\n<p><strong>Any 2022<\/strong><\/p>\n\n<table style=\"height: 109px;\" width=\"851\">\n<tbody>\n<tr>\n<td width=\"190\"><strong>Dia<\/strong><\/td>\n<td width=\"50\"><strong>Hora<\/strong><\/td>\n<td width=\"159\"><strong>Poblaci\u00f3<\/strong><\/td>\n<td width=\"224\"><strong>Lloc<\/strong><\/td>\n<td width=\"159\"><strong>Espectacle<\/strong><\/td>\n<\/tr>\n\n<tr>\n<td>Divendres 16 de desembre<\/td>\n<td>18:30<\/td>\n<td>Sant Antoni de Portmany (Eivissa)<\/td>\n<td>Centre Cultural Cervantes<\/td>\n<td>Trencaclosques<\/td>\n<\/tr>\n\n\n\n<tr>\n<td>Dilluns 5 de desembre<\/td>\n<td>18:30<\/td>\n<td>Inca<\/td>\n<td>Pla\u00e7a Espanya. Encesa llums de Nadal<\/td>\n<td>Trencaclosques<\/td>\n<\/tr>\n\n\n<tr>\n<td>Diumenge 4 de desembre<\/td>\n<td>15:30<\/td>\n<td>Santa Pon\u00e7a<\/td>\n<td>Carrer del Riu Sil. Mercat de Nadal<\/td>\n<td>Trencaclosques<\/td>\n<\/tr>\n\n\n<tr>\n<td>Diumenge 25 de setembre<\/td>\n<td>18:30<\/td>\n<td>Manacor<\/td>\n<td>Pla\u00e7a Ramon Llull. Diada de la bicicleta<\/td>\n<td>Trencaclosques<\/td>\n<\/tr>\n\n\n<tr>\n<td>Dimecres 7 de setembre<\/td>\n<td>19:30<\/td>\n<td>Santa Pon\u00e7a<\/td>\n<td>Pla\u00e7a de la Pinada<\/td>\n<td>Trencaclosques<\/td>\n<\/tr>\n<tr>\n<td>Dilluns 1 d&#8217;agost<\/td>\n<td>19:00<\/td>\n<td>Pollen\u00e7a<\/td>\n<td>Pla\u00e7a de ca les Monnares<\/td>\n<td>Trencaclosques<\/td>\n<\/tr>\n\n\n<tr>\n<td>Dijous 23 de juny<\/td>\n<td>19:30<\/td>\n<td>Alcudia<\/td>\n<td>CEIP S&#8217;Hort des Fassers<\/td>\n<td>Trencaclosques<\/td>\n<\/tr>\n\n<tr>\n<td>Dijous 21 d&#8217;abril<\/td>\n<td>19:00<\/td>\n<td>Calvi\u00e0<\/td>\n<td>Neula Parc<\/td>\n<td>Trencaclosques<\/td>\n<\/tr>\n\n<tr>\n<td>Dijous 21 d&#8217;abril<\/td>\n<td>12:00<\/td>\n<td>Manacor<\/td>\n<td>Carrer amargura, Pla\u00e7a des Cos<\/td>\n<td>Superflex<\/td>\n<\/tr>\n\n\n<tr>\n<td>Dissabte 26 de febrer<\/td>\n<td>12:00<\/td>\n<td>Sineu<\/td>\n<td>Centre sociocultural Sa Quintana<\/td>\n<td>Trencaclosques<\/td>\n<\/tr>\n\n<tr>\n<td>Dijous 24 de febrer<\/td>\n<td>12:00<\/td>\n<td>Soller<\/td>\n<td>Col\u00b7legi Es Fossaret<\/td>\n<td>Trencaclosques<\/td>\n<\/tr>\n\n<tr>\n<td>Diumenge de 16 gener<\/td>\n<td>10:30<\/td>\n<td>Palma<\/td>\n<td>Parc de Sa Riera. Sant Sebasti\u00e0 Petit<\/td>\n<td>Trencaclosques<\/td>\n<\/tr>\n\n<\/tbody>\n<\/table>\n\n<p><strong>Any 2021<\/strong><\/p>\n<table style=\"height: 109px;\" width=\"851\">\n<tbody>\n<tr>\n<td width=\"190\"><strong>Dia<\/strong><\/td>\n<td width=\"50\"><strong>Hora<\/strong><\/td>\n<td width=\"159\"><strong>Poblaci\u00f3<\/strong><\/td>\n<td width=\"224\"><strong>Lloc<\/strong><\/td>\n<td width=\"159\"><strong>Espectacle<\/strong><\/td>\n<\/tr>\n<tr>\n<td>Dimecres 29 de desembre<\/td>\n<td>17:30<\/td>\n<td>Es Secar de la Real<\/td>\n<td>Casal de Barri<\/td>\n<td>Trencaclosques<\/td>\n<\/tr>\n<tr>\n<td>Dilluns 27 de desembre<\/td>\n<td>17:30<\/td>\n<td>Inca<\/td>\n<td>Teatrix<\/td>\n<td>Trencaclosques<\/td>\n<\/tr>\n<tr>\n<td>Diumenge 12 de desembre<\/td>\n<td>17:30<\/td>\n<td>Ses Salines<\/td>\n<td>Auditori de l&#8217;Esponja. Entrades a <a href=\"https:\/\/ticketib.com\/events\/trencaclosques\" target=\"_blank\" rel=\"noreferrer noopener\">https:\/\/ticketib.com\/events\/trencaclosques<\/a><\/td>\n<td>Trencaclosques<\/td>\n<\/tr>\n<tr>\n<td>Dissabte 11 de desembre<\/td>\n<td>12:00<\/td>\n<td>Llucmajor<\/td>\n<td>Bisbe Taixequet<\/td>\n<td>Trencaclosques itinerant<\/td>\n<\/tr>\n<tr>\n<td>Divendres 10 de desembre<\/td>\n<td>19:00<\/td>\n<td>Porto Colom<\/td>\n<td>Pla\u00e7a del Corso<\/td>\n<td>Trencaclosques<\/td>\n<\/tr>\n<tr>\n<td>Divendres 3 de desembre<\/td>\n<td>18:00<\/td>\n<td>Inca<\/td>\n<td>Pla\u00e7a Espanya<\/td>\n<td>Trencaclosques<\/td>\n<\/tr>\n<tr>\n<td>Dissabte 13 de novembre<\/td>\n<td>17:00<\/td>\n<td>Palma<\/td>\n<td>Amfiteatre Parc de Sa Riera<\/td>\n<td>Trencaclosques<\/td>\n<\/tr>\n<tr>\n<td>Dissabte 18 de setembre<\/td>\n<td>17:00<\/td>\n<td>Porto Cristo<\/td>\n<td>Diada de la bicileta<\/td>\n<td>Trencaclosques<\/td>\n<\/tr>\n<tr>\n<td>Dissabte 4 de setembre<\/td>\n<td>19:00<\/td>\n<td>Galilea<\/td>\n<td>Sa Pla\u00e7a<\/td>\n<td>Trencaclosques<\/td>\n<\/tr>\n<tr>\n<td>Dimarts 24 d&#8217;agost<\/td>\n<td>19:00<\/td>\n<td>Consell<\/td>\n<td>Pla\u00e7a Major<\/td>\n<td>Trencaclosques<\/td>\n<\/tr>\n<tr>\n<td>Dissabte 31 de juliol<\/td>\n<td>19:00<\/td>\n<td>Pollen\u00e7a<\/td>\n<td>Pla\u00e7a de Ca les Monnares<\/td>\n<td>Trencaclosques<\/td>\n<\/tr>\n<tr>\n<td>Dijous 29 de juliol<\/td>\n<td>19:00<\/td>\n<td>Col\u00f2nia de Sant Jordi<\/td>\n<td>Pinada del Port<\/td>\n<td>Trencaclosques<\/td>\n<\/tr>\n<tr>\n<td>Dissabte 24 de juliol<\/td>\n<td>19:00<\/td>\n<td>Santanyi<\/td>\n<td>Camp d&#8217;esports<\/td>\n<td>Trencaclosques<\/td>\n<\/tr>\n<tr>\n<td>Dissabte 19 de juny<\/td>\n<td>18:15, 19:15 i 20:15<\/td>\n<td>Palma<\/td>\n<td>Parc de Sa Riera<\/td>\n<td>Trencaclosques<\/td>\n<\/tr>\n<tr>\n<td>Dissabte 19 de juny<\/td>\n<td>12:00<\/td>\n<td>Palma<\/td>\n<td>Parc de Ses Fons<\/td>\n<td>Trencaclosques<\/td>\n<\/tr>\n<\/tbody>\n<\/table>\n<p><strong>Any 2020<\/strong><\/p>\n<table style=\"height: 109px;\" width=\"851\">\n<tbody>\n<tr>\n<td width=\"190\"><strong>Dia<\/strong><\/td>\n<td width=\"50\"><strong>Hora<\/strong><\/td>\n<td width=\"159\"><strong>Poblaci\u00f3<\/strong><\/td>\n<td width=\"224\"><strong>Lloc<\/strong><\/td>\n<td width=\"159\"><strong>Espectacle<\/strong><\/td>\n<\/tr>\n<tr>\n<td>Diumenge 25 d&#8217;octubre<\/td>\n<td>12:00<\/td>\n<td>Petra<\/td>\n<td>Teatre de Petra<\/td>\n<td>Trencaclosques<\/td>\n<\/tr>\n<tr>\n<td>Dissabte 29 de febrer<\/td>\n<td>12:00<\/td>\n<td>Esporles<\/td>\n<td>Pla\u00e7a Jardinet<\/td>\n<td>Trencaclosques<\/td>\n<\/tr>\n<tr>\n<td>Divendres 28 de febrer<\/td>\n<td>19:00<\/td>\n<td>Palma<\/td>\n<td>Sa Feixina<\/td>\n<td>Trencaclosques<\/td>\n<\/tr>\n<tr>\n<td>Dijous 27 de febrer<\/td>\n<td>12:00<\/td>\n<td>Porreres<\/td>\n<td>CEIP Escola Nova<\/td>\n<td>Trencaclosques<\/td>\n<\/tr>\n<tr>\n<td>Dissabte 22 de febrer<\/td>\n<td>18:00<\/td>\n<td>Esporles<\/td>\n<td>Sa Rua<\/td>\n<td>Trencaclosques<\/td>\n<\/tr>\n<tr>\n<td>Dissabte 22 de febrer<\/td>\n<td>16:00<\/td>\n<td>Bunyola<\/td>\n<td>Sa Pla\u00e7a<\/td>\n<td>Trencaclosques<\/td>\n<\/tr>\n<tr>\n<td>Divendres 21 de febrer<\/td>\n<td>12:00<\/td>\n<td>Pollen\u00e7a<\/td>\n<td>CEIP Joan Mas<\/td>\n<td>Trencaclosques<\/td>\n<\/tr>\n<tr>\n<td>Dijous 20 de febrer<\/td>\n<td>12:00<\/td>\n<td>Santa Margalida<\/td>\n<td>CEIP Elionor Bosch<\/td>\n<td>Trencaclosques<\/td>\n<\/tr>\n<tr>\n<td>Diumenge 12 de gener<\/td>\n<td>10:45<\/td>\n<td>Palma<\/td>\n<td>Sant Sebasti\u00e0 Petit. Parc de sa riera<\/td>\n<td>Trencaclosques<\/td>\n<\/tr>\n<\/tbody>\n<\/table>\n<p><strong>Any 2019<\/strong><\/p>\n<table style=\"height: 109px;\" width=\"851\">\n<tbody>\n<tr>\n<td width=\"190\"><strong>Dia<\/strong><\/td>\n<td width=\"50\"><strong>Hora<\/strong><\/td>\n<td width=\"159\"><strong>Poblaci\u00f3<\/strong><\/td>\n<td width=\"224\"><strong>Lloc<\/strong><\/td>\n<td width=\"159\"><strong>Espectacle<\/strong><\/td>\n<\/tr>\n<tr>\n<td>Dijous 26 de desembre<\/td>\n<td>10:00<\/td>\n<td>Palma<\/td>\n<td>Moll de les Golondrines. Davant Audit\u00f2rium<\/td>\n<td>Trencaclosques<\/td>\n<\/tr>\n<tr>\n<td>Divendres 13 de desembre<\/td>\n<td>18:00<\/td>\n<td>Palma<\/td>\n<td>Connectabarris. Mercat Camp Red\u00f3<\/td>\n<td>Trencaclosques<\/td>\n<\/tr>\n<tr>\n<td>Dijous 5 de desembre<\/td>\n<td>17:30<\/td>\n<td>Inca<\/td>\n<td>Encesa dels llums de Nadal<\/td>\n<td>Trencaclosques<\/td>\n<\/tr>\n<tr>\n<td>Diumenge 20 d&#8217;octubre<\/td>\n<td>18:00<\/td>\n<td>Vilafranca<\/td>\n<td>Fira del teatre infantil FIET<\/td>\n<td>Trencaclosques<\/td>\n<\/tr>\n<tr>\n<td>Dissabte 5 d&#8217;octubre<\/td>\n<td>15:30<\/td>\n<td>Calvi\u00e0<\/td>\n<td>Son Bugadelles. Dia de Nassos de la Sonrisa M\u00e9dica<\/td>\n<td>Trencaclosques<\/td>\n<\/tr>\n<tr>\n<td>Dissabte 14 de setembre<\/td>\n<td>18:00<\/td>\n<td>Actuaci\u00f3 Privada<\/td>\n<td>&nbsp;<\/td>\n<td>Trencaclosques<\/td>\n<\/tr>\n<tr>\n<td>Dijous 12 de setembre<\/td>\n<td>18:00<\/td>\n<td>Bunyola<\/td>\n<td>Sa Pla\u00e7a<\/td>\n<td>Trencaclosques<\/td>\n<\/tr>\n<tr>\n<td>Diumenge 25 d&#8217;agost<\/td>\n<td>18:30<\/td>\n<td>Cala Blava<\/td>\n<td>Pla\u00e7a Recalde<\/td>\n<td>Trencaclosques<\/td>\n<\/tr>\n<tr>\n<td>Dimecres 14 d&#8217;agost<\/td>\n<td>19:00<\/td>\n<td>El Secar de la Real<\/td>\n<td>Parc del Secar de la Real<\/td>\n<td>Trencaclosques<\/td>\n<\/tr>\n<tr>\n<td>Dijous 25 de juliol<\/td>\n<td>18:30<\/td>\n<td>Binissalem<\/td>\n<td>Pla\u00e7a de l\u2019Esgl\u00e9sia<\/td>\n<td>Trencaclosques<\/td>\n<\/tr>\n<tr>\n<td>Dilluns 15 de juliol<\/td>\n<td>19:00<\/td>\n<td>Santa Maria<\/td>\n<td>Pla\u00e7a Nova<\/td>\n<td>Trencaclosques<\/td>\n<\/tr>\n<tr>\n<td>Divendres 28 de juny<\/td>\n<td>20:00<\/td>\n<td>Palma<\/td>\n<td>Cas Capiscol<\/td>\n<td>Trencaclosques<\/td>\n<\/tr>\n<tr>\n<td>Divendres 21 de juny<\/td>\n<td>09:30<\/td>\n<td>Palma<\/td>\n<td>CEIP SON RULLAN<\/td>\n<td>Trencaclosques<\/td>\n<\/tr>\n<tr>\n<td>Diumenge 24 de mar\u00e7<\/td>\n<td>12:30<\/td>\n<td>Lloret<\/td>\n<td>Comuna<\/td>\n<td>Trencaclosques<\/td>\n<\/tr>\n<tr>\n<td>Diumenge 3 de mar\u00e7<\/td>\n<td>10:30<\/td>\n<td>Palma<\/td>\n<td>Sa Rueta. Pl. Rei Joan Carles<\/td>\n<td>Trencaclosques<\/td>\n<\/tr>\n<tr>\n<td>Dissabte 2 de mar\u00e7<\/td>\n<td>18:00<\/td>\n<td>Esporles<\/td>\n<td>Pla\u00e7a Jardinet<\/td>\n<td>Trencaclosques<\/td>\n<\/tr>\n<tr>\n<td>Dissabte 2 de mar\u00e7<\/td>\n<td>10:30<\/td>\n<td>Binissalem<\/td>\n<td>Pla\u00e7a de l&#8217;esgl\u00e8sia<\/td>\n<td>Flip i Flop + Toto<\/td>\n<\/tr>\n<tr>\n<td>Dijous 28 de febrer<\/td>\n<td>17:00<\/td>\n<td>Ma\u00f3<\/td>\n<td>Envelat pl. de s\u2019Esplanada<\/td>\n<td>Trencaclosques<\/td>\n<\/tr>\n<tr>\n<td>Dimecres 27 de febrer<\/td>\n<td>16:30<\/td>\n<td>Soller<\/td>\n<td>Pla\u00e7a de l&#8217;Ajuntament<\/td>\n<td>Trencaclosques<\/td>\n<\/tr>\n<tr>\n<td>Dimecres 27 de febrer<\/td>\n<td>12:15<\/td>\n<td>Lloseta<\/td>\n<td>&nbsp;<\/td>\n<td>Toto i Flop<\/td>\n<\/tr>\n<tr>\n<td>Dimecres 27 de febrer<\/td>\n<td>10:00<\/td>\n<td>Alcudia<\/td>\n<td>&nbsp;<\/td>\n<td>Flip i Flop<\/td>\n<\/tr>\n<tr>\n<td>Dimarts 25 de febrer<\/td>\n<td>12:30<\/td>\n<td>Lloret<\/td>\n<td>Escola<\/td>\n<td>Pallasso Flop<\/td>\n<\/tr>\n<tr>\n<td>Diumenge 13 de gener<\/td>\n<td>10:30<\/td>\n<td>Palma<\/td>\n<td>Parc de Sa Riera. Sant Sebasti\u00e0 Petit<\/td>\n<td>Trencaclosques<\/td>\n<\/tr>\n<\/tbody>\n<\/table>\n<p><strong>Any 2018<\/strong><\/p>\n<table style=\"height: 109px;\" width=\"851\">\n<tbody>\n<tr>\n<td width=\"190\"><strong>Dia<\/strong><\/td>\n<td width=\"50\"><strong>Hora<\/strong><\/td>\n<td width=\"159\"><strong>Poblaci\u00f3<\/strong><\/td>\n<td width=\"224\"><strong>Lloc<\/strong><\/td>\n<td width=\"159\"><strong>Espectacle<\/strong><\/td>\n<\/tr>\n<tr>\n<td>Dimecres 26 de desembre<\/td>\n<td>18:00<\/td>\n<td>Llub\u00ed<\/td>\n<td>Visita dels patges reials a l&#8217;esgl\u00e9sia de Llub\u00ed<\/td>\n<td>Trencaclosques<\/td>\n<\/tr>\n<tr>\n<td>Dimecres 5 de desembre<\/td>\n<td>17:30<\/td>\n<td>Inca<\/td>\n<td>Encesa dels llums de Nadal<\/td>\n<td>Trencaclosques<\/td>\n<\/tr>\n<tr>\n<td>Diumenge 11 de novembre<\/td>\n<td>16:30<\/td>\n<td>Palma<\/td>\n<td>Sala Magna Poble Espanyol. Diada solid\u00e0ria St. Lloren\u00e7<\/td>\n<td>Trencaclosques<\/td>\n<\/tr>\n<tr>\n<td>Dissabte 6 d&#8217;octubre<\/td>\n<td>19:00<\/td>\n<td>Calvi\u00e0<\/td>\n<td>Diada de nassos de la Sonrisa M\u00e9dica<\/td>\n<td>Trencaclosques<\/td>\n<\/tr>\n<tr>\n<td>Dimarts 21 d&#8217;agost<\/td>\n<td>18:00<\/td>\n<td>Consell<\/td>\n<td>Pati de l&#8217;Escola<\/td>\n<td>Trencaclosques<\/td>\n<\/tr>\n<tr>\n<td>Dijous 9 d&#8217;agost<\/td>\n<td>19:00<\/td>\n<td>Sant Jordi<\/td>\n<td>Pla\u00e7a Bisbe Planas<\/td>\n<td>Trencaclosques<\/td>\n<\/tr>\n<tr>\n<td>Dimecres 8 d&#8217;agost<\/td>\n<td>18:00<\/td>\n<td>Pollen\u00e7a<\/td>\n<td>Actuaci\u00f3 privada<\/td>\n<td>Pallasso Flop<\/td>\n<\/tr>\n<tr>\n<td>Dissabte 4 d&#8217;agost<\/td>\n<td>18:00<\/td>\n<td>Puigpunyent<\/td>\n<td>Actuaci\u00f3 privada<\/td>\n<td>Pallasso Flop<\/td>\n<\/tr>\n<tr>\n<td>Dijous 2 d&#8217;agost<\/td>\n<td>19:00<\/td>\n<td>Col\u00f2nia de Sant Jordi<\/td>\n<td>Pla\u00e7a Pou d&#8217;en Verdera<\/td>\n<td>Superflex<\/td>\n<\/tr>\n<tr>\n<td>Dimecres 11 de juliol<\/td>\n<td>18:00<\/td>\n<td>Port de Pollen\u00e7a<\/td>\n<td>Moll<\/td>\n<td>Flip i Flop<\/td>\n<\/tr>\n<tr>\n<td>Divendres 29 de juny<\/td>\n<td>20:00<\/td>\n<td>Palma<\/td>\n<td>Cas Capiscol<\/td>\n<td>Pallasso Flop<\/td>\n<\/tr>\n<tr>\n<td>Dissabte 23 de juny<\/td>\n<td>19:00<\/td>\n<td>Ma\u00f3<\/td>\n<td>Parc des Freginal<\/td>\n<td>Trencaclosques<\/td>\n<\/tr>\n<tr>\n<td>Divendres 15 de juny<\/td>\n<td>12:00<\/td>\n<td>Lloret<\/td>\n<td>Escoleta<\/td>\n<td>Pallasso Flop<\/td>\n<\/tr>\n<tr>\n<td>Diumenge 3 de juny<\/td>\n<td>16:00<\/td>\n<td>Alar\u00f3<\/td>\n<td>Actuaci\u00f3 privada<\/td>\n<td>Pallasso Flop<\/td>\n<\/tr>\n<tr>\n<td>Diumenge 22 d&#8217;abril<\/td>\n<td>16:00<\/td>\n<td>Campos<\/td>\n<td>Actuaci\u00f3 privada<\/td>\n<td>Toto i Flop<\/td>\n<\/tr>\n<tr>\n<td>Diumenge 11 de febrer<\/td>\n<td>12:30<\/td>\n<td>Puigpunyent<\/td>\n<td>Pla\u00e7a de l&#8217;Ajuntament<\/td>\n<td>Trencaclosques<\/td>\n<\/tr>\n<tr>\n<td>Dijous 8 de febrer<\/td>\n<td>12:00<\/td>\n<td>Montu\u00efri<\/td>\n<td>Rueta<\/td>\n<td>Trencaclosques<\/td>\n<\/tr>\n<tr>\n<td>Dijous 8 de febrer<\/td>\n<td>17:00<\/td>\n<td>Lloseta<\/td>\n<td>Pla\u00e7a d&#8217;Espanya<\/td>\n<td>Trencaclosques<\/td>\n<\/tr>\n<\/tbody>\n<\/table>\n<p><strong>Any 2017<\/strong><\/p>\n<table style=\"height: 241px;\" width=\"845\">\n<tbody>\n<tr>\n<td width=\"190\"><strong>Dia<\/strong><\/td>\n<td width=\"50\"><strong>Hora<\/strong><\/td>\n<td width=\"159\"><strong>Poblaci\u00f3<\/strong><\/td>\n<td width=\"224\"><strong>Lloc<\/strong><\/td>\n<\/tr>\n<tr>\n<td>Dissabte 28 d&#8217;octubre<\/td>\n<td>17:00<\/td>\n<td>Inca<\/td>\n<td>Pla\u00e7a del Mercat Cobert<\/td>\n<\/tr>\n<tr>\n<td>Dissabte 21 d&#8217;octubre<\/td>\n<td>12:00<\/td>\n<td>Palma<\/td>\n<td>Sens Clown. Seminari Nou<\/td>\n<\/tr>\n<tr>\n<td>Dijous 19 d&#8217;octubre<\/td>\n<td>17:00<\/td>\n<td>Palma<\/td>\n<td>Sens Clown<\/td>\n<\/tr>\n<tr>\n<td>Dissabte 7 d&#8217;octubre<\/td>\n<td>18:00<\/td>\n<td>Calvi\u00e0<\/td>\n<td>Diada de Nassos de La Sonrisa M\u00e9dica. Son Bugadelles.<\/td>\n<\/tr>\n<tr>\n<td>Divendres 8 de setembre<\/td>\n<td>18:00<\/td>\n<td>Maria de la Salut<\/td>\n<td>Pla\u00e7a de la Vila<\/td>\n<\/tr>\n<tr>\n<td>Dijous 17 d&#8217;agost<\/td>\n<td>19:00<\/td>\n<td>Palma<\/td>\n<td>Festes de Sant Bernat de la Real<\/td>\n<\/tr>\n<tr>\n<td>Dijous 10 d&#8217;agost<\/td>\n<td>18:30<\/td>\n<td>Alar\u00f3<\/td>\n<td>Festes<\/td>\n<\/tr>\n<tr>\n<td>Diumenge 30 de juliol<\/td>\n<td>18:30<\/td>\n<td>Llub\u00ed<\/td>\n<td>Pla\u00e7a de l&#8217;Esgl\u00e8sia<\/td>\n<\/tr>\n<tr>\n<td>Diumenge 11 de juny<\/td>\n<td>16:00<\/td>\n<td>Actuaci\u00f3 privada<\/td>\n<td>Actuaci\u00f3 privada<\/td>\n<\/tr>\n<tr>\n<td>Divendres 9 de juny<\/td>\n<td>19:00<\/td>\n<td>Palma<\/td>\n<td>Festes de cas Capiscol-son Busquets. Carrer Orqu\u00eddia, just a la vora de l&#8217;Ocimax, enfront del Leroy<\/td>\n<\/tr>\n<tr>\n<td>Diumenge 14 de maig<\/td>\n<td>11:00<\/td>\n<td>Lloret de Vistalegre<\/td>\n<td>Fira de Lloret<\/td>\n<\/tr>\n<tr>\n<td>Dijous 6 d&#8217;abril<\/td>\n<td>17:00<\/td>\n<td>Palma<\/td>\n<td>Sant Josep Obrer<\/td>\n<\/tr>\n<tr>\n<td>Dissabte 25 de mar\u00e7<\/td>\n<td>17:00<\/td>\n<td>Port Adriano<\/td>\n<td>Festa de la Primavera amb Sonrisa M\u00e9dica<\/td>\n<\/tr>\n<tr>\n<td>Dissabte 25 de febrer<\/td>\n<td>18:00<\/td>\n<td>Maria de la Salut<\/td>\n<td>Pla\u00e7a de la Vila<\/td>\n<\/tr>\n<tr>\n<td>Divendres 24 de febrer<\/td>\n<td>12:30<\/td>\n<td>Cala Millor<\/td>\n<td>Na Penyal<\/td>\n<\/tr>\n<tr>\n<td>Diumenge 22 de gener<\/td>\n<td>11:00<\/td>\n<td>Palma<\/td>\n<td>Sant Sebasti\u00e0 Petit. Parc de Sa Riera<\/td>\n<\/tr>\n<\/tbody>\n<\/table>\n<p><strong>Any 2016<\/strong><\/p>\n<table style=\"height: 241px;\" width=\"845\">\n<tbody>\n<tr>\n<td width=\"190\"><strong>Dia<\/strong><\/td>\n<td width=\"50\"><strong>Hora<\/strong><\/td>\n<td width=\"159\"><strong>Poblaci\u00f3<\/strong><\/td>\n<td width=\"224\"><strong>Lloc<\/strong><\/td>\n<td width=\"219\"><strong>Espectacle<\/strong><\/td>\n<\/tr>\n<tr>\n<td>Divendres 30 de desembre<\/td>\n<td>18:00<\/td>\n<td>Palma<\/td>\n<td>Teatre Municipal Catalina Valls. Funci\u00f3 Especial de Nadal<\/td>\n<td>Trencaclosques<\/td>\n<\/tr>\n<tr>\n<td>Divendres 2 de desembre<\/td>\n<td>18:00<\/td>\n<td>Inca<\/td>\n<td>Pla\u00e7a d&#8217;Espanya. Encesa llums de Nadal<\/td>\n<td>Trencaclosques<\/td>\n<\/tr>\n<tr>\n<td>Dimecres 26 d&#8217;octubre<\/td>\n<td>17:00<\/td>\n<td>Palma<\/td>\n<td>Sens Clown. Seminari Nou<\/td>\n<td>Trencaclosques<\/td>\n<\/tr>\n<tr>\n<td>Dimarts 25 d&#8217;octubre<\/td>\n<td>17:00<\/td>\n<td>Palma<\/td>\n<td>Sens Clown. Seminari Nou<\/td>\n<td>Trencaclosques<\/td>\n<\/tr>\n<tr>\n<td>Dissabte 8 d&#8217;octubre<\/td>\n<td>13:00<\/td>\n<td>Calvi\u00e0<\/td>\n<td>Dia de Nassos. Recinte Ferial Santa Pon\u00e7a<\/td>\n<td>Trencaclosques<\/td>\n<\/tr>\n<tr>\n<td>Dimecres 17 d&#8217;agost<\/td>\n<td>18:00<\/td>\n<td>Palma<\/td>\n<td>Festes de San Bernat. Monestir de la Real<\/td>\n<td>Trencaclosques<\/td>\n<\/tr>\n<tr>\n<td>Dissabte 30 de juliol<\/td>\n<td>17:00<\/td>\n<td>Inca<\/td>\n<td>Festes<\/td>\n<td>Trencaclosques<\/td>\n<\/tr>\n<tr>\n<td>Dissabte 9 d&#8217;abril<\/td>\n<td>17:00<\/td>\n<td>Sineu<\/td>\n<td>Circ Bover. Festa 10 aniversari<\/td>\n<td>Trencaclosques<\/td>\n<\/tr>\n<tr>\n<td>Diumenge 20 de mar\u00e7<\/td>\n<td>16:00<\/td>\n<td>Port Adriano<\/td>\n<td>Festa Sonrisa M\u00e9dica<\/td>\n<td>Trencaclosques<\/td>\n<\/tr>\n<tr>\n<td>Diumenge 7 de febrer<\/td>\n<td>10:30<\/td>\n<td>Palma<\/td>\n<td>Sa Rueta<\/td>\n<td>Trencaclosques<\/td>\n<\/tr>\n<tr>\n<td>Dissabte 6 de febrer<\/td>\n<td>17:45<\/td>\n<td>Sa Coma<\/td>\n<td>Col\u00b7legi P\u00fablic<\/td>\n<td>Trencaclosques<\/td>\n<\/tr>\n<tr>\n<td>&nbsp;Diumenge 3 de gener<\/td>\n<td>&nbsp;16:30<\/td>\n<td>Sineu<\/td>\n<td>Pla\u00e7a de Sant Marc<\/td>\n<td>Trencaclosques<\/td>\n<\/tr>\n<\/tbody>\n<\/table>\n<p><strong>Any 2015<\/strong><\/p>\n<table style=\"height: 241px;\" width=\"845\">\n<tbody>\n<tr>\n<td width=\"190\"><strong>Dia<\/strong><\/td>\n<td width=\"50\"><strong>Hora<\/strong><\/td>\n<td width=\"159\"><strong>Poblaci\u00f3<\/strong><\/td>\n<td width=\"224\"><strong>Lloc<\/strong><\/td>\n<td width=\"219\"><strong>Espectacle<\/strong><\/td>\n<\/tr>\n<tr>\n<td>Diumenge 27 de desembre<\/td>\n<td>18:00<\/td>\n<td>Palma<\/td>\n<td>Teatre Catalina Valls. Funci\u00f3 Especial de Nadal<\/td>\n<td>Trencaclosques<\/td>\n<\/tr>\n<tr>\n<td><span style=\"color: #000000;\">Divendres 4 de desembre<\/span><\/td>\n<td><span style=\"color: #000000;\">17:30<\/span><\/td>\n<td><span style=\"color: #000000;\">Inca<\/span><\/td>\n<td><span style=\"color: #000000;\">Pla\u00e7a d&#8217;Espanya i carrers dels centre<\/span><\/td>\n<td><span style=\"color: #000000;\">Trencaclosques i Superflex<\/span><\/td>\n<\/tr>\n<tr>\n<td><span style=\"color: #000000;\">Dissabte 26 de setembre<\/span><\/td>\n<td><span style=\"color: #000000;\">18:00<\/span><\/td>\n<td><span style=\"color: #000000;\">Palma<\/span><\/td>\n<td><span style=\"color: #000000;\">Moll Vell. Diada Sonrisa M\u00e9dica<\/span><\/td>\n<td><span style=\"color: #000000;\">Trencaclosques<\/span><\/td>\n<\/tr>\n<tr>\n<td><span style=\"color: #000000;\">Dissabte 1 d&#8217;agost<\/span><\/td>\n<td><span style=\"color: #000000;\">17:00<\/span><\/td>\n<td><span style=\"color: #000000;\">Llub\u00ed<\/span><\/td>\n<td><span style=\"color: #000000;\">Pla\u00e7a de l&#8217;Esgl\u00e9sia<\/span><\/td>\n<td><span style=\"color: #000000;\">Trencaclosques<\/span><\/td>\n<\/tr>\n<tr>\n<td><span style=\"color: #000000;\">Diumenge 28 de juny<\/span><\/td>\n<td><span style=\"color: #000000;\">18:00<\/span><\/td>\n<td><span style=\"color: #000000;\">Esporles<\/span><\/td>\n<td><span style=\"color: #000000;\">Placeta del Jardinet<\/span><\/td>\n<td><span style=\"color: #000000;\">Trencaclosques<\/span><\/td>\n<\/tr>\n<tr>\n<td><span style=\"color: #000000;\">Divendres 19 de juny<\/span><\/td>\n<td><span style=\"color: #000000;\">19:00<\/span><\/td>\n<td><span style=\"color: #000000;\">Marratx\u00ed<\/span><\/td>\n<td><span style=\"color: #000000;\">Escola Ses Cases Noves<\/span><\/td>\n<td><span style=\"color: #000000;\">Trencaclosques<\/span><\/td>\n<\/tr>\n<tr>\n<td><span style=\"color: #000000;\">Dissabte 2 de maig<\/span><\/td>\n<td><span style=\"color: #000000;\">18:00<\/span><\/td>\n<td><span style=\"color: #000000;\">Costitx<\/span><\/td>\n<td><span style=\"color: #000000;\">Pla\u00e7a Mare de D\u00e9u<\/span><\/td>\n<td><span style=\"color: #000000;\">Trencaclosques<\/span><\/td>\n<\/tr>\n<tr>\n<td><span style=\"color: #000000;\">Divendres 24 d&#8217;abril<\/span><\/td>\n<td><span style=\"color: #000000;\">18:30<\/span><\/td>\n<td><span style=\"color: #000000;\">Col\u00f2nia de Sant Jordi<\/span><\/td>\n<td><span style=\"color: #000000;\">Pla\u00e7a d&#8217;en Verdera<\/span><\/td>\n<td><span style=\"color: #000000;\">Trencaclosques<\/span><\/td>\n<\/tr>\n<tr>\n<td><span style=\"color: #000000;\">Diumenge 5 d&#8217;abril<\/span><\/td>\n<td><span style=\"color: #000000;\">16:30<\/span><\/td>\n<td><span style=\"color: #000000;\">Lloseta<\/span><\/td>\n<td><span style=\"color: #000000;\">Jardins del Palau d&#8217;Aiamans<\/span><\/td>\n<td><span style=\"color: #000000;\">Trencaclosques<\/span><\/td>\n<\/tr>\n<tr>\n<td><span style=\"color: #000000;\">Dissabte 4 d&#8217;abril<\/span><\/td>\n<td><span style=\"color: #000000;\">18:30<\/span><\/td>\n<td><span style=\"color: #000000;\">S\u00f3ller<\/span><\/td>\n<td><span style=\"color: #000000;\">Gala Ben\u00e8fica La Lucha de Emy<\/span><\/td>\n<td><span style=\"color: #000000;\">Trencaclosques<\/span><\/td>\n<\/tr>\n<tr>\n<td><span style=\"color: #000000;\">Diumenge 15 de febrer<\/span><\/td>\n<td><span style=\"color: #000000;\">17:00<\/span><\/td>\n<td><span style=\"color: #000000;\">Santa Margalida<\/span><\/td>\n<td><span style=\"color: #000000;\">Pla\u00e7a de la Vila<\/span><\/td>\n<td><span style=\"color: #000000;\">Trencaclosques<\/span><\/td>\n<\/tr>\n<tr>\n<td><span style=\"color: #000000;\">Dissabte 14 de febrer<\/span><\/td>\n<td><span style=\"color: #000000;\">17:00<\/span><\/td>\n<td><span style=\"color: #000000;\">Ca&#8217;n Picafort<\/span><\/td>\n<td><span style=\"color: #000000;\">Pla\u00e7a de la Resid\u00e8ncia<\/span><\/td>\n<td><span style=\"color: #000000;\">Trencaclosques<\/span><\/td>\n<\/tr>\n<tr>\n<td><span style=\"color: #000000;\">Dijous 12 de febrer<\/span><\/td>\n<td><span style=\"color: #000000;\">17:00<\/span><\/td>\n<td><span style=\"color: #000000;\">St Lloren\u00e7 des Cardassar<\/span><\/td>\n<td><span style=\"color: #000000;\">Poliesportiu Municipal<\/span><\/td>\n<td><span style=\"color: #000000;\">Trencaclosques<\/span><\/td>\n<\/tr>\n<tr>\n<td><span style=\"color: #000000;\">Dijous 12 de febrer<\/span><\/td>\n<td><span style=\"color: #000000;\">12:00<\/span><\/td>\n<td><span style=\"color: #000000;\">Sa Coma<\/span><\/td>\n<td><span style=\"color: #000000;\">CEIP Punta de n&#8217;Amer<\/span><\/td>\n<td><span style=\"color: #000000;\">Trencaclosques<\/span><\/td>\n<\/tr>\n<tr>\n<td><span style=\"color: #000000;\">Diumenge 18 de gener<\/span><\/td>\n<td><span style=\"color: #000000;\">11:00<\/span><\/td>\n<td><span style=\"color: #000000;\">Palma<\/span><\/td>\n<td><span style=\"color: #000000;\">Parc de les Estacions. Sant Sebasti\u00e0 Petit<\/span><\/td>\n<td><span style=\"color: #000000;\">Trencaclosques<\/span><\/td>\n<\/tr>\n<tr>\n<td><span style=\"color: #000000;\">Dissabte 10 de gener<\/span><\/td>\n<td><span style=\"color: #000000;\">17:30<\/span><\/td>\n<td><span style=\"color: #000000;\">Consell<\/span><\/td>\n<td><span style=\"color: #000000;\">Actuaci\u00f3 Privada<\/span><\/td>\n<td><span style=\"color: #000000;\">Trencaclosques<\/span><\/td>\n<\/tr>\n<tr>\n<td><span style=\"color: #00ff00;\">&nbsp;<\/span><\/td>\n<td><span style=\"color: #00ff00;\">&nbsp;<\/span><\/td>\n<td><span style=\"color: #00ff00;\">&nbsp;<\/span><\/td>\n<td><span style=\"color: #00ff00;\">&nbsp;<\/span><\/td>\n<td><span style=\"color: #00ff00;\">&nbsp;<\/span><\/td>\n<\/tr>\n<\/tbody>\n<\/table>\n<p><strong>Any 2014<\/strong><\/p>\n<table style=\"height: 241px;\" width=\"845\">\n<tbody>\n<tr>\n<td width=\"190\"><strong>Dia<\/strong><\/td>\n<td width=\"50\"><strong>Hora<\/strong><\/td>\n<td width=\"159\"><strong>Poblaci\u00f3<\/strong><\/td>\n<td width=\"224\"><strong>Lloc<\/strong><\/td>\n<td width=\"219\"><strong>Espectacle<\/strong><\/td>\n<\/tr>\n<tr>\n<td>Divendres 26 de desembre<\/td>\n<td>18:00<\/td>\n<td>Palma<\/td>\n<td>Teatre Municipal Catalina Valls. Funci\u00f3 Especial de Nadal<\/td>\n<td>Trencaclosques<\/td>\n<\/tr>\n<tr>\n<td>Dissabte 15 de novembre<\/td>\n<td>12:00<\/td>\n<td>Palma<\/td>\n<td>Pla\u00e7a d&#8217;Espanya. Diada en favor de la malaltia de Huntington<\/td>\n<td>Trencaclosques<\/td>\n<\/tr>\n<tr>\n<td>Dissabte 8 de novembre<\/td>\n<td>18:00<\/td>\n<td>Campos<\/td>\n<td>Camp Municipal d&#8217;Esports<\/td>\n<td>Trencaclosques<\/td>\n<\/tr>\n<tr>\n<td>Dissabte 11 d&#8217;octubre<\/td>\n<td>18:00<\/td>\n<td>Sineu<\/td>\n<td>Circ Bover<\/td>\n<td>Trencaclosques<\/td>\n<\/tr>\n<tr>\n<td>Diumenge 31 d&#8217;agost<\/td>\n<td>18:00<\/td>\n<td>Cala Blava<\/td>\n<td>Pla\u00e7a de M\u00e8xic<\/td>\n<td>Trencaclosques<\/td>\n<\/tr>\n<tr>\n<td>Diumenge 17 d&#8217;agost<\/td>\n<td>19:00<\/td>\n<td>Puigpunyent<\/td>\n<td>Per determinar<\/td>\n<td>Trencaclosques<\/td>\n<\/tr>\n<tr>\n<td>Divendres 25 de juliol<\/td>\n<td>20:00<\/td>\n<td>Son Serra de Marina<\/td>\n<td>Per determinar<\/td>\n<td>Trencaclosques<\/td>\n<\/tr>\n<tr>\n<td>Dissabte 19 de juliol<\/td>\n<td>19:30<\/td>\n<td>Santa Margalida<\/td>\n<td>Pla\u00e7a de la Vila<\/td>\n<td>Trencaclosques<\/td>\n<\/tr>\n<tr>\n<td>Diumenge 8 de juny<\/td>\n<td>18:45<\/td>\n<td>Palma<\/td>\n<td>Moll Vell. Diada Sonrisa M\u00e9dica<\/td>\n<td>Trencaclosques<\/td>\n<\/tr>\n<tr>\n<td>Dissabte 1 de mar\u00e7<\/td>\n<td>17:00<\/td>\n<td>Palma<\/td>\n<td>Pla\u00e7a del Mercat. Sa Rueta<\/td>\n<td>Trencaclosques<\/td>\n<\/tr>\n<tr>\n<td>Dijous 27 de febrer<\/td>\n<td>18:30<\/td>\n<td>Manacor<\/td>\n<td>Pla\u00e7a de Sa Bassa. Sa Rueta<\/td>\n<td>Trencaclosques<\/td>\n<\/tr>\n<tr>\n<td>Dijous 27 de febrer<\/td>\n<td>12:30<\/td>\n<td>Son Maci\u00e0<\/td>\n<td>Pla\u00e7a de Son Maci\u00e0<\/td>\n<td>Trencaclosques<\/td>\n<\/tr>\n<\/tbody>\n<\/table>\n\n\n\n<p><\/p>\n","protected":false},"excerpt":{"rendered":"<p>Darrera actualitzaci\u00f3 17\/02\/2026 Any 2026 Dia Hora Poblaci\u00f3 Lloc Espectacle Dilluns 16 de febrer 17:00 Port de Pollen\u00e7a Pla\u00e7a Capllonch Trencaclosques Dissabte 14 de febrer 17:00 Son Carri\u00f3 Pla\u00e7a Mossen Alcover Trencaclosques Diumenge 11 de gener 11:00 Palma Parc de Sa Riera. Sant Sebasti\u00e0 Petit Trencaclosques Any 2025 Dia Hora Poblaci\u00f3 Lloc Espectacle Dimecres 31 &hellip; <a href=\"https:\/\/trencaclosques.cat\/?page_id=36\" class=\"more-link\">Continue reading <span class=\"screen-reader-text\">Agenda<\/span><\/a><\/p>\n","protected":false},"author":1,"featured_media":0,"parent":0,"menu_order":0,"comment_status":"open","ping_status":"open","template":"","meta":{"footnotes":""},"class_list":["post-36","page","type-page","status-publish","hentry"],"_links":{"self":[{"href":"https:\/\/trencaclosques.cat\/index.php?rest_route=\/wp\/v2\/pages\/36","targetHints":{"allow":["GET"]}}],"collection":[{"href":"https:\/\/trencaclosques.cat\/index.php?rest_route=\/wp\/v2\/pages"}],"about":[{"href":"https:\/\/trencaclosques.cat\/index.php?rest_route=\/wp\/v2\/types\/page"}],"author":[{"embeddable":true,"href":"https:\/\/trencaclosques.cat\/index.php?rest_route=\/wp\/v2\/users\/1"}],"replies":[{"embeddable":true,"href":"https:\/\/trencaclosques.cat\/index.php?rest_route=%2Fwp%2Fv2%2Fcomments&post=36"}],"version-history":[{"count":10,"href":"https:\/\/trencaclosques.cat\/index.php?rest_route=\/wp\/v2\/pages\/36\/revisions"}],"predecessor-version":[{"id":782,"href":"https:\/\/trencaclosques.cat\/index.php?rest_route=\/wp\/v2\/pages\/36\/revisions\/782"}],"wp:attachment":[{"href":"https:\/\/trencaclosques.cat\/index.php?rest_route=%2Fwp%2Fv2%2Fmedia&parent=36"}],"curies":[{"name":"wp","href":"https:\/\/api.w.org\/{rel}","templated":true}]}}